{"id":573,"date":"2025-02-24T10:52:28","date_gmt":"2025-02-24T10:52:28","guid":{"rendered":"https:\/\/relais-villa-valfiore.ms2.decms.eu\/sala-riunioni\/sala-dei-cedri\/"},"modified":"2025-06-16T15:27:01","modified_gmt":"2025-06-16T15:27:01","slug":"sala-dei-cedri","status":"publish","type":"page","link":"https:\/\/www.villavalfiore.com\/de\/tagungsraeume\/sala-dei-cedri\/","title":{"rendered":"Sala dei Cedri"},"content":{"rendered":"<p data-start=\"208\" data-end=\"224\"><strong data-start=\"208\" data-end=\"224\">Ausstattung:<\/strong><\/p>\n<ul data-start=\"226\" data-end=\"378\">\n<li data-start=\"226\" data-end=\"249\">\n<p data-start=\"228\" data-end=\"249\">Beamer und Leinwand<\/p>\n<\/li>\n<li data-start=\"250\" data-end=\"263\">\n<p data-start=\"252\" data-end=\"263\">Flipchart<\/p>\n<\/li>\n<li data-start=\"264\" data-end=\"296\">\n<p data-start=\"266\" data-end=\"296\">WLAN- und LAN-Internetzugang<\/p>\n<\/li>\n<li data-start=\"297\" data-end=\"323\">\n<p data-start=\"299\" data-end=\"323\">Audio- und Videosystem<\/p>\n<\/li>\n<li data-start=\"324\" data-end=\"337\">\n<p data-start=\"326\" data-end=\"337\">Mikrofone<\/p>\n<\/li>\n<li data-start=\"338\" data-end=\"378\">\n<p data-start=\"340\" data-end=\"378\">Kein Tageslicht, nur Neonbeleuchtung<\/p>\n<\/li>\n<\/ul>\n<p data-start=\"380\" data-end=\"395\"><strong data-start=\"380\" data-end=\"395\">M\u00f6blierung:<\/strong><\/p>\n<ul data-start=\"397\" data-end=\"469\">\n<li data-start=\"397\" data-end=\"469\">\n<p data-start=\"399\" data-end=\"469\">Theaterbestuhlung f\u00fcr maximal 40 Personen oder nach Wunsch angepasst<\/p>\n<\/li>\n<\/ul>\n<p data-start=\"471\" data-end=\"483\"><strong data-start=\"471\" data-end=\"483\">Details:<\/strong><\/p>\n<ul data-start=\"485\" data-end=\"519\">\n<li data-start=\"485\" data-end=\"502\">\n<p data-start=\"487\" data-end=\"502\">Fl\u00e4che: 75 m\u00b2<\/p>\n<\/li>\n<li data-start=\"503\" data-end=\"519\">\n<p data-start=\"505\" data-end=\"519\">H\u00f6he: 2,70 m<\/p>\n<\/li>\n<\/ul>\n","protected":false},"excerpt":{"rendered":"<p>Ausstattung: Beamer und Leinwand Flipchart WLAN- und LAN-Internetzugang Audio- und Videosystem Mikrofone Kein Tageslicht, nur Neonbeleuchtung M\u00f6blierung: Theaterbestuhlung f\u00fcr maximal 40 Personen oder nach Wunsch angepasst Details: Fl\u00e4che: 75 m\u00b2 H\u00f6he: 2,70 m<\/p>\n","protected":false},"author":12,"featured_media":0,"parent":528,"menu_order":53,"comment_status":"closed","ping_status":"closed","template":"template-default-2.php","meta":{"footnotes":""},"class_list":["post-573","page","type-page","status-publish","hentry"],"yoast_head":"<!-- This site is optimized with the Yoast SEO plugin v27.3 - https:\/\/yoast.com\/product\/yoast-seo-wordpress\/ -->\n<title>Sala dei Cedri &#8212; Relais Villa Valfiore<\/title>\n<meta name=\"description\" content=\"Ausstattung:     Beamer und Leinwand    Flipchart    WLAN- und LAN-Internetzugang    Audio- und Videosystem    Mikrofone    Kein Tageslicht, nur Neonbeleuchtung   M\u00f6blierung:     Theaterbestuhlung f\u00fcr maximal 40 Personen oder nach Wunsch angepasst   Details:     Fl\u00e4che: 75 m\u00b2    H\u00f6he: 2,70 m  .\" \/>\n<meta name=\"robots\" content=\"index, follow, max-snippet:-1, max-image-preview:large, max-video-preview:-1\" \/>\n<link rel=\"canonical\" href=\"https:\/\/www.villavalfiore.com\/de\/tagungsraeume\/sala-dei-cedri\/\" \/>\n<meta property=\"og:locale\" content=\"de_DE\" \/>\n<meta property=\"og:type\" content=\"article\" \/>\n<meta property=\"og:title\" content=\"Sala dei Cedri &#8212; Relais Villa Valfiore\" \/>\n<meta property=\"og:description\" content=\"Ausstattung:     Beamer und Leinwand    Flipchart    WLAN- und LAN-Internetzugang    Audio- und Videosystem    Mikrofone    Kein Tageslicht, nur Neonbeleuchtung   M\u00f6blierung:     Theaterbestuhlung f\u00fcr maximal 40 Personen oder nach Wunsch angepasst   Details:     Fl\u00e4che: 75 m\u00b2    H\u00f6he: 2,70 m  .\" \/>\n<meta property=\"og:url\" content=\"https:\/\/www.villavalfiore.com\/de\/tagungsraeume\/sala-dei-cedri\/\" \/>\n<meta property=\"og:site_name\" content=\"Relais Villa Valfiore\" \/>\n<meta property=\"article:publisher\" content=\"https:\/\/it-it.facebook.com\/pages\/Relais-Villa-Valfiore\/130037933735857\" \/>\n<meta property=\"article:modified_time\" content=\"2025-06-16T15:27:01+00:00\" \/>\n<meta property=\"og:image\" content=\"https:\/\/www.villavalfiore.com\/wp-content\/uploads\/sites\/215\/2025\/03\/VVF-Front-Serasl3.jpg\" \/>\n\t<meta property=\"og:image:width\" content=\"1905\" \/>\n\t<meta property=\"og:image:height\" content=\"945\" \/>\n\t<meta property=\"og:image:type\" content=\"image\/jpeg\" \/>\n<meta name=\"twitter:card\" content=\"summary_large_image\" \/>\n<meta name=\"twitter:label1\" content=\"Gesch\u00e4tzte Lesezeit\" \/>\n\t<meta name=\"twitter:data1\" content=\"1 Minute\" \/>\n<script type=\"application\/ld+json\" class=\"yoast-schema-graph\">{\"@context\":\"https:\\\/\\\/schema.org\",\"@graph\":[{\"@type\":\"WebPage\",\"@id\":\"https:\\\/\\\/www.villavalfiore.com\\\/de\\\/tagungsraeume\\\/sala-dei-cedri\\\/\",\"url\":\"https:\\\/\\\/www.villavalfiore.com\\\/de\\\/tagungsraeume\\\/sala-dei-cedri\\\/\",\"name\":\"Sala dei Cedri &#8212; Relais Villa Valfiore\",\"isPartOf\":{\"@id\":\"https:\\\/\\\/www.villavalfiore.com\\\/de\\\/#website\"},\"datePublished\":\"2025-02-24T10:52:28+00:00\",\"dateModified\":\"2025-06-16T15:27:01+00:00\",\"description\":\"Ausstattung: \u2022 Beamer und Leinwand \u2022 Flipchart \u2022 WLAN- und LAN-Internetzugang \u2022 Audio- und Videosystem \u2022 Mikrofone \u2022 Kein Tageslicht, nur Neonbeleuchtung M\u00f6blierung: \u2022 Theaterbestuhlung f\u00fcr maximal 40 Personen oder nach Wunsch angepasst Details: \u2022 Fl\u00e4che: 75 m\u00b2 \u2022 H\u00f6he: 2,70 m .\",\"breadcrumb\":{\"@id\":\"https:\\\/\\\/www.villavalfiore.com\\\/de\\\/tagungsraeume\\\/sala-dei-cedri\\\/#breadcrumb\"},\"inLanguage\":\"de-DE\",\"potentialAction\":[{\"@type\":\"ReadAction\",\"target\":[\"https:\\\/\\\/www.villavalfiore.com\\\/de\\\/tagungsraeume\\\/sala-dei-cedri\\\/\"]}]},{\"@type\":\"BreadcrumbList\",\"@id\":\"https:\\\/\\\/www.villavalfiore.com\\\/de\\\/tagungsraeume\\\/sala-dei-cedri\\\/#breadcrumb\",\"itemListElement\":[{\"@type\":\"ListItem\",\"position\":1,\"name\":\"Home\",\"item\":\"https:\\\/\\\/www.villavalfiore.com\\\/de\\\/\"},{\"@type\":\"ListItem\",\"position\":2,\"name\":\"Tagungsraeume\",\"item\":\"https:\\\/\\\/www.villavalfiore.com\\\/de\\\/tagungsraeume\\\/\"},{\"@type\":\"ListItem\",\"position\":3,\"name\":\"Sala dei Cedri\"}]},{\"@type\":\"WebSite\",\"@id\":\"https:\\\/\\\/www.villavalfiore.com\\\/de\\\/#website\",\"url\":\"https:\\\/\\\/www.villavalfiore.com\\\/de\\\/\",\"name\":\"Relais Villa Valfiore\",\"description\":\"Relais Villa Valfiore  in San Lazzaro di Savena (BO) - Book a relais hotel just a few minutes away from the heart of Bologna\",\"publisher\":{\"@id\":\"https:\\\/\\\/www.villavalfiore.com\\\/de\\\/#organization\"},\"alternateName\":\"Villa Valfiore Relais\",\"potentialAction\":[{\"@type\":\"SearchAction\",\"target\":{\"@type\":\"EntryPoint\",\"urlTemplate\":\"https:\\\/\\\/www.villavalfiore.com\\\/de\\\/?s={search_term_string}\"},\"query-input\":{\"@type\":\"PropertyValueSpecification\",\"valueRequired\":true,\"valueName\":\"search_term_string\"}}],\"inLanguage\":\"de-DE\"},{\"@type\":\"Organization\",\"@id\":\"https:\\\/\\\/www.villavalfiore.com\\\/de\\\/#organization\",\"name\":\"Relais Villa Valfiore\",\"alternateName\":\"Relais Villa Valfiore\",\"url\":\"https:\\\/\\\/www.villavalfiore.com\\\/de\\\/\",\"logo\":{\"@type\":\"ImageObject\",\"inLanguage\":\"de-DE\",\"@id\":\"https:\\\/\\\/www.villavalfiore.com\\\/de\\\/#\\\/schema\\\/logo\\\/image\\\/\",\"url\":\"https:\\\/\\\/relais-villa-valfiore.ms2.decms.eu\\\/wp-content\\\/uploads\\\/sites\\\/215\\\/2025\\\/02\\\/logo-chiaro-stelleoro-454x118-1.png\",\"contentUrl\":\"https:\\\/\\\/relais-villa-valfiore.ms2.decms.eu\\\/wp-content\\\/uploads\\\/sites\\\/215\\\/2025\\\/02\\\/logo-chiaro-stelleoro-454x118-1.png\",\"width\":454,\"height\":118,\"caption\":\"Relais Villa Valfiore\"},\"image\":{\"@id\":\"https:\\\/\\\/www.villavalfiore.com\\\/de\\\/#\\\/schema\\\/logo\\\/image\\\/\"},\"sameAs\":[\"https:\\\/\\\/it-it.facebook.com\\\/pages\\\/Relais-Villa-Valfiore\\\/130037933735857\",\"https:\\\/\\\/www.youtube.com\\\/embed\\\/29W4FcimryE\"]}]}<\/script>\n<!-- \/ Yoast SEO plugin. -->","yoast_head_json":{"title":"Sala dei Cedri &#8212; Relais Villa Valfiore","description":"Ausstattung:     Beamer und Leinwand    Flipchart    WLAN- und LAN-Internetzugang    Audio- und Videosystem    Mikrofone    Kein Tageslicht, nur Neonbeleuchtung   M\u00f6blierung:     Theaterbestuhlung f\u00fcr maximal 40 Personen oder nach Wunsch angepasst   Details:     Fl\u00e4che: 75 m\u00b2    H\u00f6he: 2,70 m  .","robots":{"index":"index","follow":"follow","max-snippet":"max-snippet:-1","max-image-preview":"max-image-preview:large","max-video-preview":"max-video-preview:-1"},"canonical":"https:\/\/www.villavalfiore.com\/de\/tagungsraeume\/sala-dei-cedri\/","og_locale":"de_DE","og_type":"article","og_title":"Sala dei Cedri &#8212; Relais Villa Valfiore","og_description":"Ausstattung:     Beamer und Leinwand    Flipchart    WLAN- und LAN-Internetzugang    Audio- und Videosystem    Mikrofone    Kein Tageslicht, nur Neonbeleuchtung   M\u00f6blierung:     Theaterbestuhlung f\u00fcr maximal 40 Personen oder nach Wunsch angepasst   Details:     Fl\u00e4che: 75 m\u00b2    H\u00f6he: 2,70 m  .","og_url":"https:\/\/www.villavalfiore.com\/de\/tagungsraeume\/sala-dei-cedri\/","og_site_name":"Relais Villa Valfiore","article_publisher":"https:\/\/it-it.facebook.com\/pages\/Relais-Villa-Valfiore\/130037933735857","article_modified_time":"2025-06-16T15:27:01+00:00","og_image":[{"width":1905,"height":945,"url":"https:\/\/www.villavalfiore.com\/wp-content\/uploads\/sites\/215\/2025\/03\/VVF-Front-Serasl3.jpg","type":"image\/jpeg"}],"twitter_card":"summary_large_image","twitter_misc":{"Gesch\u00e4tzte Lesezeit":"1 Minute"},"schema":{"@context":"https:\/\/schema.org","@graph":[{"@type":"WebPage","@id":"https:\/\/www.villavalfiore.com\/de\/tagungsraeume\/sala-dei-cedri\/","url":"https:\/\/www.villavalfiore.com\/de\/tagungsraeume\/sala-dei-cedri\/","name":"Sala dei Cedri &#8212; Relais Villa Valfiore","isPartOf":{"@id":"https:\/\/www.villavalfiore.com\/de\/#website"},"datePublished":"2025-02-24T10:52:28+00:00","dateModified":"2025-06-16T15:27:01+00:00","description":"Ausstattung: \u2022 Beamer und Leinwand \u2022 Flipchart \u2022 WLAN- und LAN-Internetzugang \u2022 Audio- und Videosystem \u2022 Mikrofone \u2022 Kein Tageslicht, nur Neonbeleuchtung M\u00f6blierung: \u2022 Theaterbestuhlung f\u00fcr maximal 40 Personen oder nach Wunsch angepasst Details: \u2022 Fl\u00e4che: 75 m\u00b2 \u2022 H\u00f6he: 2,70 m .","breadcrumb":{"@id":"https:\/\/www.villavalfiore.com\/de\/tagungsraeume\/sala-dei-cedri\/#breadcrumb"},"inLanguage":"de-DE","potentialAction":[{"@type":"ReadAction","target":["https:\/\/www.villavalfiore.com\/de\/tagungsraeume\/sala-dei-cedri\/"]}]},{"@type":"BreadcrumbList","@id":"https:\/\/www.villavalfiore.com\/de\/tagungsraeume\/sala-dei-cedri\/#breadcrumb","itemListElement":[{"@type":"ListItem","position":1,"name":"Home","item":"https:\/\/www.villavalfiore.com\/de\/"},{"@type":"ListItem","position":2,"name":"Tagungsraeume","item":"https:\/\/www.villavalfiore.com\/de\/tagungsraeume\/"},{"@type":"ListItem","position":3,"name":"Sala dei Cedri"}]},{"@type":"WebSite","@id":"https:\/\/www.villavalfiore.com\/de\/#website","url":"https:\/\/www.villavalfiore.com\/de\/","name":"Relais Villa Valfiore","description":"Relais Villa Valfiore  in San Lazzaro di Savena (BO) - Book a relais hotel just a few minutes away from the heart of Bologna","publisher":{"@id":"https:\/\/www.villavalfiore.com\/de\/#organization"},"alternateName":"Villa Valfiore Relais","potentialAction":[{"@type":"SearchAction","target":{"@type":"EntryPoint","urlTemplate":"https:\/\/www.villavalfiore.com\/de\/?s={search_term_string}"},"query-input":{"@type":"PropertyValueSpecification","valueRequired":true,"valueName":"search_term_string"}}],"inLanguage":"de-DE"},{"@type":"Organization","@id":"https:\/\/www.villavalfiore.com\/de\/#organization","name":"Relais Villa Valfiore","alternateName":"Relais Villa Valfiore","url":"https:\/\/www.villavalfiore.com\/de\/","logo":{"@type":"ImageObject","inLanguage":"de-DE","@id":"https:\/\/www.villavalfiore.com\/de\/#\/schema\/logo\/image\/","url":"https:\/\/relais-villa-valfiore.ms2.decms.eu\/wp-content\/uploads\/sites\/215\/2025\/02\/logo-chiaro-stelleoro-454x118-1.png","contentUrl":"https:\/\/relais-villa-valfiore.ms2.decms.eu\/wp-content\/uploads\/sites\/215\/2025\/02\/logo-chiaro-stelleoro-454x118-1.png","width":454,"height":118,"caption":"Relais Villa Valfiore"},"image":{"@id":"https:\/\/www.villavalfiore.com\/de\/#\/schema\/logo\/image\/"},"sameAs":["https:\/\/it-it.facebook.com\/pages\/Relais-Villa-Valfiore\/130037933735857","https:\/\/www.youtube.com\/embed\/29W4FcimryE"]}]}},"acf":[],"_links":{"self":[{"href":"https:\/\/www.villavalfiore.com\/de\/wp-json\/wp\/v2\/pages\/573","targetHints":{"allow":["GET"]}}],"collection":[{"href":"https:\/\/www.villavalfiore.com\/de\/wp-json\/wp\/v2\/pages"}],"about":[{"href":"https:\/\/www.villavalfiore.com\/de\/wp-json\/wp\/v2\/types\/page"}],"author":[{"embeddable":true,"href":"https:\/\/www.villavalfiore.com\/de\/wp-json\/wp\/v2\/users\/12"}],"replies":[{"embeddable":true,"href":"https:\/\/www.villavalfiore.com\/de\/wp-json\/wp\/v2\/comments?post=573"}],"version-history":[{"count":0,"href":"https:\/\/www.villavalfiore.com\/de\/wp-json\/wp\/v2\/pages\/573\/revisions"}],"up":[{"embeddable":true,"href":"https:\/\/www.villavalfiore.com\/de\/wp-json\/wp\/v2\/pages\/528"}],"wp:attachment":[{"href":"https:\/\/www.villavalfiore.com\/de\/wp-json\/wp\/v2\/media?parent=573"}],"curies":[{"name":"wp","href":"https:\/\/api.w.org\/{rel}","templated":true}]}}